{"id":143,"date":"2022-11-09T15:01:20","date_gmt":"2022-11-09T14:01:20","guid":{"rendered":"https:\/\/voedersmellaerts.eu\/?page_id=143"},"modified":"2023-05-15T15:04:53","modified_gmt":"2023-05-15T13:04:53","slug":"historique","status":"publish","type":"page","link":"https:\/\/voedersmellaerts.eu\/nl\/about-us\/historique\/","title":{"rendered":"Geschiedenis"},"content":{"rendered":"<div data-elementor-type=\"wp-page\" data-elementor-id=\"143\" class=\"elementor elementor-143\">\n\t\t\t\t\t\t<section class=\"elementor-section elementor-top-section elementor-element elementor-element-8a944bb elementor-section-full_width elementor-section-stretched elementor-section-height-default elementor-section-height-default\" data-id=\"8a944bb\" data-element_type=\"section\" data-settings=\"{&quot;stretch_section&quot;:&quot;section-stretched&quot;}\">\n\t\t\t\t\t\t<div class=\"elementor-container elementor-column-gap-default\">\n\t\t\t\t\t<div class=\"elementor-column elementor-col-100 elementor-top-column elementor-element elementor-element-30f0b1c nowrapping\" data-id=\"30f0b1c\" data-element_type=\"column\">\n\t\t\t<div class=\"elementor-widget-wrap elementor-element-populated\">\n\t\t\t\t\t\t<div class=\"elementor-element elementor-element-8e3c9e8 elementor-widget elementor-widget-shortcode\" data-id=\"8e3c9e8\" data-element_type=\"widget\" data-widget_type=\"shortcode.default\">\n\t\t\t\t<div class=\"elementor-widget-container\">\n\t\t\t\t\t\t\t<div class=\"elementor-shortcode\">\t\t<div data-elementor-type=\"wp-post\" data-elementor-id=\"1120\" class=\"elementor elementor-1120\">\n\t\t\t\t\t\t<section class=\"elementor-section elementor-top-section elementor-element elementor-element-63d5b67 elementor-section-height-min-height elementor-section-items-stretch elementor-section-content-middle elementor-section-boxed elementor-section-height-default\" data-id=\"63d5b67\" data-element_type=\"section\" data-settings=\"{&quot;background_background&quot;:&quot;slideshow&quot;,&quot;background_slideshow_gallery&quot;:[{&quot;id&quot;:1094,&quot;url&quot;:&quot;https:\\\/\\\/voedersmellaerts.eu\\\/wp-content\\\/uploads\\\/2023\\\/04\\\/slide0.jpg&quot;},{&quot;id&quot;:1015,&quot;url&quot;:&quot;https:\\\/\\\/voedersmellaerts.eu\\\/wp-content\\\/uploads\\\/2023\\\/04\\\/slide4.jpg&quot;},{&quot;id&quot;:1250,&quot;url&quot;:&quot;https:\\\/\\\/voedersmellaerts.eu\\\/wp-content\\\/uploads\\\/2023\\\/04\\\/slide5.jpg&quot;},{&quot;id&quot;:1014,&quot;url&quot;:&quot;https:\\\/\\\/voedersmellaerts.eu\\\/wp-content\\\/uploads\\\/2023\\\/04\\\/slide3.jpg&quot;},{&quot;id&quot;:1013,&quot;url&quot;:&quot;https:\\\/\\\/voedersmellaerts.eu\\\/wp-content\\\/uploads\\\/2023\\\/04\\\/slide2.jpg&quot;},{&quot;id&quot;:1012,&quot;url&quot;:&quot;https:\\\/\\\/voedersmellaerts.eu\\\/wp-content\\\/uploads\\\/2023\\\/04\\\/slide1.jpg&quot;}],&quot;background_slideshow_transition_duration&quot;:750,&quot;background_slideshow_loop&quot;:&quot;yes&quot;,&quot;background_slideshow_slide_duration&quot;:5000,&quot;background_slideshow_slide_transition&quot;:&quot;fade&quot;}\">\n\t\t\t\t\t\t\t<div class=\"elementor-background-overlay\"><\/div>\n\t\t\t\t\t\t\t<div class=\"elementor-container elementor-column-gap-no\">\n\t\t\t\t\t<div class=\"elementor-column elementor-col-100 elementor-top-column elementor-element elementor-element-77ce3b99\" data-id=\"77ce3b99\" data-element_type=\"column\" data-settings=\"{&quot;background_background&quot;:&quot;slideshow&quot;,&quot;background_slideshow_gallery&quot;:[],&quot;background_slideshow_loop&quot;:&quot;yes&quot;,&quot;background_slideshow_slide_duration&quot;:5000,&quot;background_slideshow_slide_transition&quot;:&quot;fade&quot;,&quot;background_slideshow_transition_duration&quot;:500}\">\n\t\t\t<div class=\"elementor-widget-wrap elementor-element-populated\">\n\t\t\t\t\t\t<div class=\"elementor-element elementor-element-5086a70c elementor-invisible elementor-widget elementor-widget-heading\" data-id=\"5086a70c\" data-element_type=\"widget\" data-settings=\"{&quot;_animation&quot;:&quot;fadeIn&quot;}\" data-widget_type=\"heading.default\">\n\t\t\t\t<div class=\"elementor-widget-container\">\n\t\t\t\t\t<h1 class=\"elementor-heading-title elementor-size-default\">Mengvoederfabrikant van <br>\ndroge en semi-natte veevoeders<\/h1>\t\t\t\t<\/div>\n\t\t\t\t<\/div>\n\t\t\t\t<div class=\"elementor-element elementor-element-3343b71b elementor-invisible elementor-widget elementor-widget-heading\" data-id=\"3343b71b\" data-element_type=\"widget\" data-settings=\"{&quot;_animation&quot;:&quot;fadeIn&quot;}\" data-widget_type=\"heading.default\">\n\t\t\t\t<div class=\"elementor-widget-container\">\n\t\t\t\t\t<h5 class=\"elementor-heading-title elementor-size-default\">Kwaliteitsvolle voeders, flexibiliteit en klanttevredenheid zijn voor ons essentieel!<\/h5>\t\t\t\t<\/div>\n\t\t\t\t<\/div>\n\t\t\t\t<div class=\"elementor-element elementor-element-3fcb0560 elementor-widget elementor-widget-text-editor\" data-id=\"3fcb0560\" data-element_type=\"widget\" data-widget_type=\"text-editor.default\">\n\t\t\t\t<div class=\"elementor-widget-container\">\n\t\t\t\t\t\t\t\t\t<i class=\"las la-award\"><\/i>\t\t\t\t\t\t\t\t<\/div>\n\t\t\t\t<\/div>\n\t\t\t\t\t<\/div>\n\t\t<\/div>\n\t\t\t\t\t<\/div>\n\t\t<\/section>\n\t\t\t\t<\/div>\n\t\t<\/div>\n\t\t\t\t\t\t<\/div>\n\t\t\t\t<\/div>\n\t\t\t\t\t<\/div>\n\t\t<\/div>\n\t\t\t\t\t<\/div>\n\t\t<\/section>\n\t\t\t\t<section class=\"elementor-section elementor-top-section elementor-element elementor-element-54fc86a4 elementor-section-content-middle elementor-section-boxed elementor-section-height-default elementor-section-height-default\" data-id=\"54fc86a4\" data-element_type=\"section\">\n\t\t\t\t\t\t<div class=\"elementor-container elementor-column-gap-no\">\n\t\t\t\t\t<div class=\"elementor-column elementor-col-100 elementor-top-column elementor-element elementor-element-e9ecb8a\" data-id=\"e9ecb8a\" data-element_type=\"column\">\n\t\t\t<div class=\"elementor-widget-wrap elementor-element-populated\">\n\t\t\t\t\t\t<div class=\"elementor-element elementor-element-df545de elementor-widget elementor-widget-heading\" data-id=\"df545de\" data-element_type=\"widget\" data-widget_type=\"heading.default\">\n\t\t\t\t<div class=\"elementor-widget-container\">\n\t\t\t\t\t<h2 class=\"elementor-heading-title elementor-size-default\">Geschiedenis<\/h2>\t\t\t\t<\/div>\n\t\t\t\t<\/div>\n\t\t\t\t\t<\/div>\n\t\t<\/div>\n\t\t\t\t\t<\/div>\n\t\t<\/section>\n\t\t\t\t<section class=\"elementor-section elementor-top-section elementor-element elementor-element-3a70090 elementor-section-boxed elementor-section-height-default elementor-section-height-default\" data-id=\"3a70090\" data-element_type=\"section\">\n\t\t\t\t\t\t<div class=\"elementor-container elementor-column-gap-default\">\n\t\t\t\t\t<div class=\"elementor-column elementor-col-100 elementor-top-column elementor-element elementor-element-49225fa\" data-id=\"49225fa\" data-element_type=\"column\">\n\t\t\t<div class=\"elementor-widget-wrap elementor-element-populated\">\n\t\t\t\t\t\t<div class=\"elementor-element elementor-element-192a33e elementor-widget elementor-widget-be-timeline\" data-id=\"192a33e\" data-element_type=\"widget\" data-widget_type=\"be-timeline.default\">\n\t\t\t\t<div class=\"elementor-widget-container\">\n\t\t\t\t\t<ul class=\"be-pack timeline\">\t\t\t<li class=\"timeline-right\">\n\t\t\t \n\t\t\t<div class=\"tl-circ\"><\/div>\n\t\t\t  <div class=\"timeline-panel\">\n\t\t\t\t<div class=\"tl-heading\">\n\t\t\t\t\t<div class=\"tl-content\">\n\t\t\t\t\t\t\t\t\t\t\t\t<div class=\"be-desc\">\n\t\t\t\t\t\t<h2 class=\"be-title\">1924<\/h2>\t\t\t\t\t\t<div class=\"be-content\">\n\t\t\t\t\t\t\t<p>De oprichting van Voeders Mellaerts begint met Alfons Mellaerts die een bestaande molen overneemt in Sint-Joris-Winge (Tielt-Winge). Hier werd via molenstenen graan gemalen voor de boeren uit de streek. De opslag van het graan gebeurde door de boeren zelf.<\/p> \n\t\t\t\t\t\t<\/div>\n\t\t\t\t\t\t<\/div>\n\t\t\t\t\t<\/div>\n\t\t\t\t<\/div>\n\t\t\t  <\/div>\n\t\t\t<\/li>\n\t\t\t\t\t\t\t<li class=\"timeline-inverted\">\n\t\t\t \n\t\t\t<div class=\"tl-circ\"><\/div>\n\t\t\t  <div class=\"timeline-panel\">\n\t\t\t\t<div class=\"tl-heading\">\n\t\t\t\t\t<div class=\"tl-content\">\n\t\t\t\t\t\t<div class=\"timeline_pic pull-left\"><img fetchpriority=\"high\" decoding=\"async\" width=\"1080\" height=\"1080\" src=\"https:\/\/voedersmellaerts.eu\/wp-content\/uploads\/2023\/02\/historique-1953.jpg\" class=\"be-image\" alt=\"\" srcset=\"https:\/\/voedersmellaerts.eu\/wp-content\/uploads\/2023\/02\/historique-1953.jpg 1080w, https:\/\/voedersmellaerts.eu\/wp-content\/uploads\/2023\/02\/historique-1953-300x300.jpg 300w, https:\/\/voedersmellaerts.eu\/wp-content\/uploads\/2023\/02\/historique-1953-1024x1024.jpg 1024w, https:\/\/voedersmellaerts.eu\/wp-content\/uploads\/2023\/02\/historique-1953-150x150.jpg 150w, https:\/\/voedersmellaerts.eu\/wp-content\/uploads\/2023\/02\/historique-1953-768x768.jpg 768w, https:\/\/voedersmellaerts.eu\/wp-content\/uploads\/2023\/02\/historique-1953-12x12.jpg 12w, https:\/\/voedersmellaerts.eu\/wp-content\/uploads\/2023\/02\/elementor\/thumbs\/historique-1953-q2mg6svhjczchvcz136op7hfhab8zwpvrv3xt34xjk.jpg 200w\" sizes=\"(max-width: 1080px) 100vw, 1080px\" \/><\/div>\t\t\t\t\t\t<div class=\"be-desc\">\n\t\t\t\t\t\t<h2 class=\"be-title\">1953<\/h2>\t\t\t\t\t\t<div class=\"be-content\">\n\t\t\t\t\t\t\t<p>Zijn zoon Arthur nam het bedrijf over in 1953. Er werd een walsmolen aangeschaft om tarwe te malen voor bakkerijen. Hij begon ook met de opslag van grondstoffen en de handel in granen en mengvoeders.<\/p> \n\t\t\t\t\t\t<\/div>\n\t\t\t\t\t\t<\/div>\n\t\t\t\t\t<\/div>\n\t\t\t\t<\/div>\n\t\t\t  <\/div>\n\t\t\t<\/li>\n\t\t\t\t\t\t<li class=\"timeline-right\">\n\t\t\t \n\t\t\t<div class=\"tl-circ\"><\/div>\n\t\t\t  <div class=\"timeline-panel\">\n\t\t\t\t<div class=\"tl-heading\">\n\t\t\t\t\t<div class=\"tl-content\">\n\t\t\t\t\t\t<div class=\"timeline_pic pull-left\"><img decoding=\"async\" width=\"1080\" height=\"1080\" src=\"https:\/\/voedersmellaerts.eu\/wp-content\/uploads\/2023\/02\/historique-1978.jpg\" class=\"be-image\" alt=\"\" srcset=\"https:\/\/voedersmellaerts.eu\/wp-content\/uploads\/2023\/02\/historique-1978.jpg 1080w, https:\/\/voedersmellaerts.eu\/wp-content\/uploads\/2023\/02\/historique-1978-300x300.jpg 300w, https:\/\/voedersmellaerts.eu\/wp-content\/uploads\/2023\/02\/historique-1978-1024x1024.jpg 1024w, https:\/\/voedersmellaerts.eu\/wp-content\/uploads\/2023\/02\/historique-1978-150x150.jpg 150w, https:\/\/voedersmellaerts.eu\/wp-content\/uploads\/2023\/02\/historique-1978-768x768.jpg 768w, https:\/\/voedersmellaerts.eu\/wp-content\/uploads\/2023\/02\/historique-1978-12x12.jpg 12w, https:\/\/voedersmellaerts.eu\/wp-content\/uploads\/2023\/02\/elementor\/thumbs\/historique-1978-q2mg6vp03v37gp8vkmekeort9fxcn012s92e8x0r0w.jpg 200w\" sizes=\"(max-width: 1080px) 100vw, 1080px\" \/><\/div>\t\t\t\t\t\t<div class=\"be-desc\">\n\t\t\t\t\t\t<h2 class=\"be-title\">1978<\/h2>\t\t\t\t\t\t<div class=\"be-content\">\n\t\t\t\t\t\t\t<p>Na zijn legerdienst in 1978 trad Dirk Mellaerts toe tot het bedrijf van zijn ouders. Enkele jaren later volgde zijn vrouw Greta Van Dyck hem, om samen mee te werken aan de groei van het bedrijf.<\/p> \n\t\t\t\t\t\t<\/div>\n\t\t\t\t\t\t<\/div>\n\t\t\t\t\t<\/div>\n\t\t\t\t<\/div>\n\t\t\t  <\/div>\n\t\t\t<\/li>\n\t\t\t\t\t\t\t<li class=\"timeline-inverted\">\n\t\t\t \n\t\t\t<div class=\"tl-circ\"><\/div>\n\t\t\t  <div class=\"timeline-panel\">\n\t\t\t\t<div class=\"tl-heading\">\n\t\t\t\t\t<div class=\"tl-content\">\n\t\t\t\t\t\t<div class=\"timeline_pic pull-left\"><img decoding=\"async\" width=\"1080\" height=\"1080\" src=\"https:\/\/voedersmellaerts.eu\/wp-content\/uploads\/2023\/02\/historique-1990.jpg\" class=\"be-image\" alt=\"\" srcset=\"https:\/\/voedersmellaerts.eu\/wp-content\/uploads\/2023\/02\/historique-1990.jpg 1080w, https:\/\/voedersmellaerts.eu\/wp-content\/uploads\/2023\/02\/historique-1990-300x300.jpg 300w, https:\/\/voedersmellaerts.eu\/wp-content\/uploads\/2023\/02\/historique-1990-1024x1024.jpg 1024w, https:\/\/voedersmellaerts.eu\/wp-content\/uploads\/2023\/02\/historique-1990-150x150.jpg 150w, https:\/\/voedersmellaerts.eu\/wp-content\/uploads\/2023\/02\/historique-1990-768x768.jpg 768w, https:\/\/voedersmellaerts.eu\/wp-content\/uploads\/2023\/02\/historique-1990-12x12.jpg 12w, https:\/\/voedersmellaerts.eu\/wp-content\/uploads\/2023\/02\/elementor\/thumbs\/historique-1990-q2mg6zgcv78cr53eyo12ontnmzethsg04roc60v6c0.jpg 200w\" sizes=\"(max-width: 1080px) 100vw, 1080px\" \/><\/div>\t\t\t\t\t\t<div class=\"be-desc\">\n\t\t\t\t\t\t<h2 class=\"be-title\">1990<\/h2>\t\t\t\t\t\t<div class=\"be-content\">\n\t\t\t\t\t\t\t<p>Begin 1990 werd de productie- en opslagcapaciteit uitgebreid met onder andere de installatie van een nieuwe molen.<\/p> \n\t\t\t\t\t\t<\/div>\n\t\t\t\t\t\t<\/div>\n\t\t\t\t\t<\/div>\n\t\t\t\t<\/div>\n\t\t\t  <\/div>\n\t\t\t<\/li>\n\t\t\t\t\t\t<li class=\"timeline-right\">\n\t\t\t \n\t\t\t<div class=\"tl-circ\"><\/div>\n\t\t\t  <div class=\"timeline-panel\">\n\t\t\t\t<div class=\"tl-heading\">\n\t\t\t\t\t<div class=\"tl-content\">\n\t\t\t\t\t\t\t\t\t\t\t\t<div class=\"be-desc\">\n\t\t\t\t\t\t<h2 class=\"be-title\">2004<\/h2>\t\t\t\t\t\t<div class=\"be-content\">\n\t\t\t\t\t\t\t<p>In 2004 werd het bedrijf Houben in Borlo (Gingelom) overgenomen. Deze locatie wordt gebruikt als opslagplaats waar de boeren uit de regio tijdens de oogst hun graan naartoe brengen.\u00a0<\/p> \n\t\t\t\t\t\t<\/div>\n\t\t\t\t\t\t<\/div>\n\t\t\t\t\t<\/div>\n\t\t\t\t<\/div>\n\t\t\t  <\/div>\n\t\t\t<\/li>\n\t\t\t\t\t\t\t<li class=\"timeline-inverted\">\n\t\t\t \n\t\t\t<div class=\"tl-circ\"><\/div>\n\t\t\t  <div class=\"timeline-panel\">\n\t\t\t\t<div class=\"tl-heading\">\n\t\t\t\t\t<div class=\"tl-content\">\n\t\t\t\t\t\t<div class=\"timeline_pic pull-left\"><img loading=\"lazy\" decoding=\"async\" width=\"1080\" height=\"1080\" src=\"https:\/\/voedersmellaerts.eu\/wp-content\/uploads\/2023\/02\/historique-2008.jpg\" class=\"be-image\" alt=\"\" srcset=\"https:\/\/voedersmellaerts.eu\/wp-content\/uploads\/2023\/02\/historique-2008.jpg 1080w, https:\/\/voedersmellaerts.eu\/wp-content\/uploads\/2023\/02\/historique-2008-300x300.jpg 300w, https:\/\/voedersmellaerts.eu\/wp-content\/uploads\/2023\/02\/historique-2008-1024x1024.jpg 1024w, https:\/\/voedersmellaerts.eu\/wp-content\/uploads\/2023\/02\/historique-2008-150x150.jpg 150w, https:\/\/voedersmellaerts.eu\/wp-content\/uploads\/2023\/02\/historique-2008-768x768.jpg 768w, https:\/\/voedersmellaerts.eu\/wp-content\/uploads\/2023\/02\/historique-2008-12x12.jpg 12w\" sizes=\"(max-width: 1080px) 100vw, 1080px\" \/><\/div>\t\t\t\t\t\t<div class=\"be-desc\">\n\t\t\t\t\t\t<h2 class=\"be-title\">2008<\/h2>\t\t\t\t\t\t<div class=\"be-content\">\n\t\t\t\t\t\t\t<p>De opslagcapaciteit op de site van Tielt-Winge wordt verder uitgebreid met de bouw van nieuwe magazijnen.<\/p> \n\t\t\t\t\t\t<\/div>\n\t\t\t\t\t\t<\/div>\n\t\t\t\t\t<\/div>\n\t\t\t\t<\/div>\n\t\t\t  <\/div>\n\t\t\t<\/li>\n\t\t\t\t\t\t<li class=\"timeline-right\">\n\t\t\t \n\t\t\t<div class=\"tl-circ\"><\/div>\n\t\t\t  <div class=\"timeline-panel\">\n\t\t\t\t<div class=\"tl-heading\">\n\t\t\t\t\t<div class=\"tl-content\">\n\t\t\t\t\t\t<div class=\"timeline_pic pull-left\"><img loading=\"lazy\" decoding=\"async\" width=\"1734\" height=\"1734\" src=\"https:\/\/voedersmellaerts.eu\/wp-content\/uploads\/2023\/03\/2011-carre.jpg\" class=\"be-image\" alt=\"\" srcset=\"https:\/\/voedersmellaerts.eu\/wp-content\/uploads\/2023\/03\/2011-carre.jpg 1734w, https:\/\/voedersmellaerts.eu\/wp-content\/uploads\/2023\/03\/2011-carre-300x300.jpg 300w, https:\/\/voedersmellaerts.eu\/wp-content\/uploads\/2023\/03\/2011-carre-1024x1024.jpg 1024w, https:\/\/voedersmellaerts.eu\/wp-content\/uploads\/2023\/03\/2011-carre-150x150.jpg 150w, https:\/\/voedersmellaerts.eu\/wp-content\/uploads\/2023\/03\/2011-carre-768x768.jpg 768w, https:\/\/voedersmellaerts.eu\/wp-content\/uploads\/2023\/03\/2011-carre-1536x1536.jpg 1536w, https:\/\/voedersmellaerts.eu\/wp-content\/uploads\/2023\/03\/2011-carre-12x12.jpg 12w\" sizes=\"(max-width: 1734px) 100vw, 1734px\" \/><\/div>\t\t\t\t\t\t<div class=\"be-desc\">\n\t\t\t\t\t\t<h2 class=\"be-title\">2011<\/h2>\t\t\t\t\t\t<div class=\"be-content\">\n\t\t\t\t\t\t\t<p>In 2011 wordt een van de grootste ma\u00efsdrogers van Belgi\u00eb ge\u00efnstalleerd.<\/p> \n\t\t\t\t\t\t<\/div>\n\t\t\t\t\t\t<\/div>\n\t\t\t\t\t<\/div>\n\t\t\t\t<\/div>\n\t\t\t  <\/div>\n\t\t\t<\/li>\n\t\t\t\t\t\t\t<li class=\"timeline-inverted\">\n\t\t\t \n\t\t\t<div class=\"tl-circ\"><\/div>\n\t\t\t  <div class=\"timeline-panel\">\n\t\t\t\t<div class=\"tl-heading\">\n\t\t\t\t\t<div class=\"tl-content\">\n\t\t\t\t\t\t<div class=\"timeline_pic pull-left\"><img loading=\"lazy\" decoding=\"async\" width=\"1080\" height=\"1080\" src=\"https:\/\/voedersmellaerts.eu\/wp-content\/uploads\/2023\/02\/historique-2017.jpg\" class=\"be-image\" alt=\"\" srcset=\"https:\/\/voedersmellaerts.eu\/wp-content\/uploads\/2023\/02\/historique-2017.jpg 1080w, https:\/\/voedersmellaerts.eu\/wp-content\/uploads\/2023\/02\/historique-2017-300x300.jpg 300w, https:\/\/voedersmellaerts.eu\/wp-content\/uploads\/2023\/02\/historique-2017-1024x1024.jpg 1024w, https:\/\/voedersmellaerts.eu\/wp-content\/uploads\/2023\/02\/historique-2017-150x150.jpg 150w, https:\/\/voedersmellaerts.eu\/wp-content\/uploads\/2023\/02\/historique-2017-768x768.jpg 768w, https:\/\/voedersmellaerts.eu\/wp-content\/uploads\/2023\/02\/historique-2017-12x12.jpg 12w\" sizes=\"(max-width: 1080px) 100vw, 1080px\" \/><\/div>\t\t\t\t\t\t<div class=\"be-desc\">\n\t\t\t\t\t\t<h2 class=\"be-title\">2017<\/h2>\t\t\t\t\t\t<div class=\"be-content\">\n\t\t\t\t\t\t\t<p>Na 13 jaar gebruik is Borlo aan de beurt voor een complete renovatie.<\/p> \n\t\t\t\t\t\t<\/div>\n\t\t\t\t\t\t<\/div>\n\t\t\t\t\t<\/div>\n\t\t\t\t<\/div>\n\t\t\t  <\/div>\n\t\t\t<\/li>\n\t\t\t\t\t\t<li class=\"timeline-right\">\n\t\t\t \n\t\t\t<div class=\"tl-circ\"><\/div>\n\t\t\t  <div class=\"timeline-panel\">\n\t\t\t\t<div class=\"tl-heading\">\n\t\t\t\t\t<div class=\"tl-content\">\n\t\t\t\t\t\t<div class=\"timeline_pic pull-left\"><img loading=\"lazy\" decoding=\"async\" width=\"1080\" height=\"1080\" src=\"https:\/\/voedersmellaerts.eu\/wp-content\/uploads\/2023\/02\/historique-2020.jpg\" class=\"be-image\" alt=\"\" srcset=\"https:\/\/voedersmellaerts.eu\/wp-content\/uploads\/2023\/02\/historique-2020.jpg 1080w, https:\/\/voedersmellaerts.eu\/wp-content\/uploads\/2023\/02\/historique-2020-300x300.jpg 300w, https:\/\/voedersmellaerts.eu\/wp-content\/uploads\/2023\/02\/historique-2020-1024x1024.jpg 1024w, https:\/\/voedersmellaerts.eu\/wp-content\/uploads\/2023\/02\/historique-2020-150x150.jpg 150w, https:\/\/voedersmellaerts.eu\/wp-content\/uploads\/2023\/02\/historique-2020-768x768.jpg 768w, https:\/\/voedersmellaerts.eu\/wp-content\/uploads\/2023\/02\/historique-2020-12x12.jpg 12w\" sizes=\"(max-width: 1080px) 100vw, 1080px\" \/><\/div>\t\t\t\t\t\t<div class=\"be-desc\">\n\t\t\t\t\t\t<h2 class=\"be-title\">2020<\/h2>\t\t\t\t\t\t<div class=\"be-content\">\n\t\t\t\t\t\t\t<p>Drie jaar later wordt de maal- en menglijn in Sint-Joris-Winge volledig vernieuwd en geautomatiseerd. De productiesite wordt uitgebreid met een nieuwe siloblok met automatische laadlijn.<\/p> \n\t\t\t\t\t\t<\/div>\n\t\t\t\t\t\t<\/div>\n\t\t\t\t\t<\/div>\n\t\t\t\t<\/div>\n\t\t\t  <\/div>\n\t\t\t<\/li>\n\t\t\t\t\t\t\t<li class=\"timeline-inverted\">\n\t\t\t \n\t\t\t<div class=\"tl-circ\"><\/div>\n\t\t\t  <div class=\"timeline-panel\">\n\t\t\t\t<div class=\"tl-heading\">\n\t\t\t\t\t<div class=\"tl-content\">\n\t\t\t\t\t\t<div class=\"timeline_pic pull-left\"><img loading=\"lazy\" decoding=\"async\" width=\"1080\" height=\"1080\" src=\"https:\/\/voedersmellaerts.eu\/wp-content\/uploads\/2023\/02\/historique-2021.jpg\" class=\"be-image\" alt=\"\" srcset=\"https:\/\/voedersmellaerts.eu\/wp-content\/uploads\/2023\/02\/historique-2021.jpg 1080w, https:\/\/voedersmellaerts.eu\/wp-content\/uploads\/2023\/02\/historique-2021-300x300.jpg 300w, https:\/\/voedersmellaerts.eu\/wp-content\/uploads\/2023\/02\/historique-2021-1024x1024.jpg 1024w, https:\/\/voedersmellaerts.eu\/wp-content\/uploads\/2023\/02\/historique-2021-150x150.jpg 150w, https:\/\/voedersmellaerts.eu\/wp-content\/uploads\/2023\/02\/historique-2021-768x768.jpg 768w, https:\/\/voedersmellaerts.eu\/wp-content\/uploads\/2023\/02\/historique-2021-12x12.jpg 12w\" sizes=\"(max-width: 1080px) 100vw, 1080px\" \/><\/div>\t\t\t\t\t\t<div class=\"be-desc\">\n\t\t\t\t\t\t<h2 class=\"be-title\">2021<\/h2>\t\t\t\t\t\t<div class=\"be-content\">\n\t\t\t\t\t\t\t<p>De fabriek wordt verder uitgebreid met enerzijds een nieuwe perslijn en anderzijds een semi-natte productielijn d.m.v. de aankoop van een tractor en 2 mengvoerwagens.<\/p> \n\t\t\t\t\t\t<\/div>\n\t\t\t\t\t\t<\/div>\n\t\t\t\t\t<\/div>\n\t\t\t\t<\/div>\n\t\t\t  <\/div>\n\t\t\t<\/li>\n\t\t\t\t\t\t<li class=\"timeline-right\">\n\t\t\t \n\t\t\t<div class=\"tl-circ\"><\/div>\n\t\t\t  <div class=\"timeline-panel\">\n\t\t\t\t<div class=\"tl-heading\">\n\t\t\t\t\t<div class=\"tl-content\">\n\t\t\t\t\t\t<div class=\"timeline_pic pull-left\"><img loading=\"lazy\" decoding=\"async\" width=\"1198\" height=\"1198\" src=\"https:\/\/voedersmellaerts.eu\/wp-content\/uploads\/2023\/03\/2022-carre.jpg\" class=\"be-image\" alt=\"\" srcset=\"https:\/\/voedersmellaerts.eu\/wp-content\/uploads\/2023\/03\/2022-carre.jpg 1198w, https:\/\/voedersmellaerts.eu\/wp-content\/uploads\/2023\/03\/2022-carre-300x300.jpg 300w, https:\/\/voedersmellaerts.eu\/wp-content\/uploads\/2023\/03\/2022-carre-1024x1024.jpg 1024w, https:\/\/voedersmellaerts.eu\/wp-content\/uploads\/2023\/03\/2022-carre-150x150.jpg 150w, https:\/\/voedersmellaerts.eu\/wp-content\/uploads\/2023\/03\/2022-carre-768x768.jpg 768w, https:\/\/voedersmellaerts.eu\/wp-content\/uploads\/2023\/03\/2022-carre-12x12.jpg 12w\" sizes=\"(max-width: 1198px) 100vw, 1198px\" \/><\/div>\t\t\t\t\t\t<div class=\"be-desc\">\n\t\t\t\t\t\t<h2 class=\"be-title\">2022<\/h2>\t\t\t\t\t\t<div class=\"be-content\">\n\t\t\t\t\t\t\tSchoonzoon Bart Webers neemt het roer over. Er wordt extra ge\u00efnvesteerd in een tractor en een mengvoerwagen van 45m\u00b3 voor het mengen direct bij de klant. \n\t\t\t\t\t\t<\/div>\n\t\t\t\t\t\t<\/div>\n\t\t\t\t\t<\/div>\n\t\t\t\t<\/div>\n\t\t\t  <\/div>\n\t\t\t<\/li>\n\t\t\t \n      <\/ul>\n\n\t\t\t\t\t<\/div>\n\t\t\t\t<\/div>\n\t\t\t\t\t<\/div>\n\t\t<\/div>\n\t\t\t\t\t<\/div>\n\t\t<\/section>\n\t\t\t\t<\/div>","protected":false},"excerpt":{"rendered":"<p>Historique 1924 La cr\u00e9ation de Voeders Mellaerts commence avec Alfons Mellaerts qui ach\u00e8te un moulin existant \u00e0 Sint-Joris-Winge (Tielt-Winge). Ici, les grains \u00e9taient broy\u00e9s pour les agriculteurs de la r\u00e9gion via des meules. Le stockage des c\u00e9r\u00e9ales \u00e9tait effectu\u00e9 par les agriculteurs eux-m\u00eames. 1953 Son fils Arthur reprend l\u2019entreprise en 1953. Un moulin \u00e0 cylindres [&hellip;]<\/p>","protected":false},"author":1,"featured_media":0,"parent":140,"menu_order":0,"comment_status":"closed","ping_status":"closed","template":"","meta":{"footnotes":""},"class_list":["post-143","page","type-page","status-publish","hentry","wpbf-post"],"_links":{"self":[{"href":"https:\/\/voedersmellaerts.eu\/nl\/wp-json\/wp\/v2\/pages\/143","targetHints":{"allow":["GET"]}}],"collection":[{"href":"https:\/\/voedersmellaerts.eu\/nl\/wp-json\/wp\/v2\/pages"}],"about":[{"href":"https:\/\/voedersmellaerts.eu\/nl\/wp-json\/wp\/v2\/types\/page"}],"author":[{"embeddable":true,"href":"https:\/\/voedersmellaerts.eu\/nl\/wp-json\/wp\/v2\/users\/1"}],"replies":[{"embeddable":true,"href":"https:\/\/voedersmellaerts.eu\/nl\/wp-json\/wp\/v2\/comments?post=143"}],"version-history":[{"count":86,"href":"https:\/\/voedersmellaerts.eu\/nl\/wp-json\/wp\/v2\/pages\/143\/revisions"}],"predecessor-version":[{"id":1326,"href":"https:\/\/voedersmellaerts.eu\/nl\/wp-json\/wp\/v2\/pages\/143\/revisions\/1326"}],"up":[{"embeddable":true,"href":"https:\/\/voedersmellaerts.eu\/nl\/wp-json\/wp\/v2\/pages\/140"}],"wp:attachment":[{"href":"https:\/\/voedersmellaerts.eu\/nl\/wp-json\/wp\/v2\/media?parent=143"}],"curies":[{"name":"wp","href":"https:\/\/api.w.org\/{rel}","templated":true}]}}